{"id":1710,"date":"2024-08-08T12:15:23","date_gmt":"2024-08-08T10:15:23","guid":{"rendered":"https:\/\/mein-wortschatz.de\/politica-de-privacidad\/"},"modified":"2024-12-03T21:38:20","modified_gmt":"2024-12-03T20:38:20","slug":"politica-de-privacidad","status":"publish","type":"page","link":"https:\/\/mein-wortschatz.de\/es\/politica-de-privacidad\/","title":{"rendered":"Pol\u00edtica de privacidad"},"content":{"rendered":"<p>Estamos encantados de que te hayas interesado por nuestra empresa. Mein Wortschatz La protecci\u00f3n de datos tiene una prioridad especialmente alta para la direcci\u00f3n de . Mein Wortschatz El uso de las p\u00e1ginas de Internet de es posible sin ninguna indicaci\u00f3n de datos personales; sin embargo, si un interesado desea utilizar servicios especiales de la empresa a trav\u00e9s de nuestro sitio web, podr\u00eda ser necesario el tratamiento de datos personales. Sin embargo, si un interesado desea hacer uso de servicios especiales de nuestra empresa a trav\u00e9s de nuestro sitio web, podr\u00eda ser necesario el tratamiento de datos personales. Si el tratamiento de datos personales es necesario y no existe una base jur\u00eddica para dicho tratamiento, generalmente obtenemos el consentimiento del interesado.    <\/p><p>Mein Wortschatz El tratamiento de datos personales, como el nombre, la direcci\u00f3n, la direcci\u00f3n de correo electr\u00f3nico o el n\u00famero de tel\u00e9fono de un interesado, se realizar\u00e1 siempre de conformidad con el Reglamento General de Protecci\u00f3n de Datos (RGPD), y de acuerdo con la normativa de protecci\u00f3n de datos espec\u00edfica del pa\u00eds aplicable a . Mediante esta declaraci\u00f3n de protecci\u00f3n de datos, nuestra empresa desea informar al p\u00fablico sobre el tipo, el alcance y la finalidad de los datos personales que recopilamos, utilizamos y procesamos. Adem\u00e1s, se informa a los interesados de sus derechos mediante esta pol\u00edtica de privacidad.  <\/p><p>Mein Wortschatz como responsable del tratamiento, ha aplicado numerosas medidas t\u00e9cnicas y organizativas para garantizar que los datos personales tratados a trav\u00e9s de este sitio web est\u00e9n protegidos de la forma m\u00e1s completa posible. No obstante, las transmisiones de datos a trav\u00e9s de Internet pueden presentar, por lo general, lagunas de seguridad, por lo que no puede garantizarse una protecci\u00f3n absoluta. Por este motivo, todo interesado es libre de transmitirnos sus datos personales por medios alternativos, por ejemplo, por tel\u00e9fono.  <\/p><h4 class=\"wp-block-heading\">1. definiciones<\/h4><p>Mein Wortschatz La declaraci\u00f3n de protecci\u00f3n de datos de se basa en los t\u00e9rminos utilizados por el legislador europeo para la adopci\u00f3n del Reglamento General de Protecci\u00f3n de Datos (RGPD). Nuestra pol\u00edtica de privacidad debe ser f\u00e1cil de leer y comprender tanto para el p\u00fablico como para nuestros clientes y socios comerciales. Para garantizarlo, nos gustar\u00eda explicar previamente los t\u00e9rminos utilizados.  <\/p><p>Utilizamos los siguientes t\u00e9rminos, entre otros, en esta pol\u00edtica de privacidad:<\/p><ul class=\"wp-block-list\"><li><br\/>a) Datos personales Por datos personales se entiende cualquier informaci\u00f3n relativa a una persona f\u00edsica identificada o identificable (en lo sucesivo, \u00abinteresado\u00bb). Una persona f\u00edsica identificable es aquella que puede ser identificada, directa o indirectamente, en particular por referencia a un identificador como un nombre, un n\u00famero de identificaci\u00f3n, datos de localizaci\u00f3n, un identificador en l\u00ednea o a uno o m\u00e1s factores espec\u00edficos de la identidad f\u00edsica, fisiol\u00f3gica, gen\u00e9tica, mental, econ\u00f3mica, cultural o social de dicha persona f\u00edsica. <\/li>\n\n<li><br\/>b) Interesado Un interesado es toda persona f\u00edsica identificada o identificable cuyos datos personales son tratados por el responsable del tratamiento.<\/li>\n\n<li><br\/>c) Tratamiento Se entender\u00e1 por tratamiento cualquier operaci\u00f3n o conjunto de operaciones, efectuadas o no mediante procedimientos automatizados, que se realicen con datos de car\u00e1cter personal o con conjuntos de datos de car\u00e1cter personal, como la recogida, registro, organizaci\u00f3n, estructuraci\u00f3n, conservaci\u00f3n, elaboraci\u00f3n o modificaci\u00f3n, extracci\u00f3n, consulta, utilizaci\u00f3n, comunicaci\u00f3n por transmisi\u00f3n, difusi\u00f3n o cualquier otra forma de habilitaci\u00f3n de acceso, cotejo o interconexi\u00f3n, limitaci\u00f3n, supresi\u00f3n o destrucci\u00f3n.<\/li>\n\n<li><br\/>d) Restricci\u00f3n del tratamiento La restricci\u00f3n del tratamiento consiste en marcar los datos personales almacenados con el fin de restringir su tratamiento futuro.<\/li>\n\n<li><br\/>e) Elaboraci\u00f3n de perfiles Por elaboraci\u00f3n de perfiles se entiende cualquier forma de tratamiento automatizado de datos personales consistente en la utilizaci\u00f3n de datos personales para evaluar determinados aspectos personales relativos a una persona f\u00edsica, en particular para analizar o predecir aspectos relativos al rendimiento laboral, la situaci\u00f3n econ\u00f3mica, la salud, las preferencias personales, los intereses, la fiabilidad, el comportamiento, la ubicaci\u00f3n o los movimientos de dicha persona f\u00edsica.<\/li>\n\n<li><br\/>f) Seudonimizaci\u00f3n La seudonimizaci\u00f3n es el tratamiento de datos personales de tal forma que los datos personales ya no puedan atribuirse a un interesado concreto sin utilizar informaci\u00f3n adicional, siempre que dicha informaci\u00f3n adicional se conserve por separado y est\u00e9 sujeta a medidas t\u00e9cnicas y organizativas que garanticen que los datos personales no se atribuyen a una persona f\u00edsica identificada o identificable.<\/li>\n\n<li><br\/>g) Responsable o encargado del tratamiento Responsable o encargado del tratamiento es la persona f\u00edsica o jur\u00eddica, autoridad p\u00fablica, servicio u otro organismo que, solo o conjuntamente con otros, determina los fines y los medios del tratamiento de datos personales. Cuando los fines y los medios de dicho tratamiento est\u00e9n determinados por el Derecho de la Uni\u00f3n o de los Estados miembros, el responsable del tratamiento o los criterios espec\u00edficos para su designaci\u00f3n podr\u00e1n estar previstos por el Derecho de la Uni\u00f3n o de los Estados miembros. <\/li>\n\n<li><br\/>h) Encargado del tratamiento El encargado del tratamiento es una persona f\u00edsica o jur\u00eddica, autoridad p\u00fablica, agencia u otro organismo que trata datos personales por cuenta del responsable del tratamiento.<\/li>\n\n<li><br\/>i) Destinatario El destinatario es una persona f\u00edsica o jur\u00eddica, autoridad p\u00fablica, agencia u otro organismo, al que se comunican los datos personales, ya sea un tercero o no. No obstante, no se considerar\u00e1n destinatarios las autoridades p\u00fablicas que puedan recibir datos personales en el marco de una investigaci\u00f3n concreta, de conformidad con el Derecho de la Uni\u00f3n o de los Estados miembros. <\/li>\n\n<li>j)<br\/>Tercero Un tercero es una persona f\u00edsica o jur\u00eddica, autoridad p\u00fablica, agencia u organismo distinto del interesado, del responsable del tratamiento, del encargado del tratamiento y de las personas que, bajo la autoridad directa del responsable del tratamiento o del encargado del tratamiento, est\u00e1n autorizadas a tratar datos personales.<\/li>\n\n<li><br\/>k) Consentimiento El consentimiento es toda manifestaci\u00f3n de voluntad libre, espec\u00edfica, informada e inequ\u00edvoca del interesado por la que \u00e9ste, mediante una declaraci\u00f3n o una clara acci\u00f3n afirmativa, consiente el tratamiento de datos personales que le conciernen.<\/li><\/ul><h4 class=\"wp-block-heading\">2. nombre y direcci\u00f3n del responsable del tratamiento<\/h4><p>El responsable del tratamiento en el sentido del Reglamento General de Protecci\u00f3n de Datos, otras leyes de protecci\u00f3n de datos aplicables en los Estados miembros de la Uni\u00f3n Europea y otras disposiciones de naturaleza de protecci\u00f3n de datos es el:<\/p><p>Mein Wortschatz<br\/><br\/><br\/>M\u00fchlethaler Hafenstrasse 50 B, CH &#8211; 8280 Kreuzlingen Correo electr\u00f3nico:<a href=\"mailto:info@mein-wortschatz.de\" target=\"_blank\" rel=\"noreferrer noopener\">info@mein-wortschatz.de<\/a> P\u00e1gina web:<a href=\"https:\/\/mein-wortschatz.de\/es\/\">https:\/\/mein-wortschatz.de<\/a><\/p><h4 class=\"wp-block-heading\">3. galletas<\/h4><p>Mein Wortschatz Las p\u00e1ginas de Internet de utilizan cookies. Las cookies son archivos de texto que se colocan y almacenan en un sistema inform\u00e1tico a trav\u00e9s de un navegador de Internet. <\/p><p>Numerosos sitios web y servidores utilizan cookies. Muchas cookies contienen el llamado ID de cookie. Un ID de cookie es un identificador \u00fanico para la cookie. Consiste en una cadena de caracteres que permite asignar los sitios web y servidores al navegador de Internet espec\u00edfico en el que se almacen\u00f3 la cookie. Esto permite a los sitios web y servidores visitados distinguir el navegador individual del interesado de otros navegadores de Internet que contengan otras cookies. Un navegador de Internet espec\u00edfico puede ser reconocido e identificado a trav\u00e9s del identificador \u00fanico de la cookie.     <\/p><p>Mein Wortschatz Mediante el uso de cookies, podemos proporcionar a los usuarios de este sitio web servicios m\u00e1s f\u00e1ciles de usar que no ser\u00edan posibles sin la configuraci\u00f3n de cookies.<\/p><p>Las cookies pueden utilizarse para optimizar la informaci\u00f3n y las ofertas de nuestro sitio web en beneficio del usuario. Como ya se ha mencionado, las cookies nos permiten reconocer a los usuarios de nuestro sitio web. La finalidad de este reconocimiento es facilitar a los usuarios el uso de nuestro sitio web. Por ejemplo, el usuario de un sitio web que utiliza cookies no tiene que volver a introducir sus datos de acceso cada vez que visita el sitio web, ya que \u00e9stos son asumidos por el sitio web y la cookie almacenada en el sistema inform\u00e1tico del usuario. Otro ejemplo es la cookie de una cesta de la compra en una tienda online. La tienda online recuerda los art\u00edculos que un cliente ha colocado en la cesta de la compra virtual mediante una cookie.     <\/p><p>El interesado puede impedir en cualquier momento la instalaci\u00f3n de cookies por parte de nuestro sitio web mediante la correspondiente configuraci\u00f3n del navegador de Internet utilizado y, de este modo, oponerse permanentemente a la instalaci\u00f3n de cookies. Adem\u00e1s, las cookies que ya se hayan establecido pueden eliminarse en cualquier momento mediante un navegador de Internet u otros programas de software. Esto es posible en todos los navegadores de Internet habituales. Si el interesado desactiva la instalaci\u00f3n de cookies en el navegador de Internet utilizado, es posible que no pueda utilizar todas las funciones de nuestro sitio web.   <\/p><h4 class=\"wp-block-heading\">4. recogida de datos e informaci\u00f3n general<\/h4><p>Mein Wortschatz El sitio web de recoge una serie de datos e informaci\u00f3n generales cuando un interesado o un sistema automatizado accede al sitio web. Estos datos e informaci\u00f3n generales se almacenan en los archivos de registro del servidor. Se pueden registrar (1) los tipos y versiones de navegador utilizados, (2) el sistema operativo utilizado por el sistema de acceso, (3) el sitio web desde el que un sistema de acceso llega a nuestro sitio web (el llamado referrer), (4) los sub-sitios web a los que se accede a trav\u00e9s de un sistema de acceso en nuestro sitio web, (5) la fecha y hora de acceso al sitio web, (6) una direcci\u00f3n de protocolo de Internet (direcci\u00f3n IP), (7) el proveedor de servicios de Internet del sistema de acceso y (8) otros datos e informaci\u00f3n similares utilizados con fines de seguridad en caso de ataques a nuestros sistemas de tecnolog\u00eda de la informaci\u00f3n.  <\/p><p>Mein Wortschatz Al utilizar estos datos e informaci\u00f3n generales, no se extrae ninguna conclusi\u00f3n sobre el interesado. M\u00e1s bien, esta informaci\u00f3n es necesaria para (1) ofrecer correctamente el contenido de nuestro sitio web, (2) optimizar el contenido de nuestro sitio web y la publicidad del mismo, (3) garantizar la funcionalidad a largo plazo de nuestros sistemas de tecnolog\u00eda de la informaci\u00f3n y la tecnolog\u00eda de nuestro sitio web, y (4) proporcionar a las autoridades policiales la informaci\u00f3n necesaria para la persecuci\u00f3n penal en caso de un ciberataque. Mein Wortschatz Por lo tanto, analizamos estad\u00edsticamente los datos e informaci\u00f3n recogidos de forma an\u00f3nima, con el objetivo de aumentar la protecci\u00f3n y seguridad de los datos de nuestra empresa, y para garantizar un nivel \u00f3ptimo de protecci\u00f3n de los datos personales que procesamos. Los datos an\u00f3nimos de los archivos de registro del servidor se almacenan por separado de todos los datos personales proporcionados por el interesado.   <\/p><h4 class=\"wp-block-heading\">5. inscripci\u00f3n en nuestro sitio web<\/h4><p>El interesado tiene la opci\u00f3n de registrarse en el sitio web del responsable del tratamiento facilitando sus datos personales. Qu\u00e9 datos personales se transmiten al responsable del tratamiento viene determinado por la respectiva m\u00e1scara de entrada utilizada para el registro. Los datos personales introducidos por el interesado se recogen y almacenan exclusivamente para uso interno del responsable del tratamiento y para sus propios fines. El responsable del tratamiento puede disponer que los datos se transmitan a uno o varios encargados del tratamiento, como un proveedor de servicios de paqueter\u00eda, que tambi\u00e9n utilizar\u00e1n los datos personales exclusivamente para uso interno atribuible al responsable del tratamiento.   <\/p><p>Al registrarse en el sitio web del responsable del tratamiento, tambi\u00e9n se almacenan la direcci\u00f3n IP asignada por el proveedor de servicios de Internet (ISP) del interesado, la fecha y la hora del registro. Estos datos se almacenan teniendo en cuenta que es la \u00fanica forma de evitar el uso indebido de nuestros servicios y, en caso necesario, de permitir la investigaci\u00f3n de delitos penales. En este sentido, el almacenamiento de estos datos es necesario para salvaguardar al responsable del tratamiento. Estos datos no se transmiten a terceros a menos que exista una obligaci\u00f3n legal de transmitirlos o que la transmisi\u00f3n sirva para fines de persecuci\u00f3n penal.   <\/p><p>El registro del interesado con aportaci\u00f3n voluntaria de datos personales sirve al responsable del tratamiento para ofrecer al interesado contenidos o servicios que, por la naturaleza de la materia, s\u00f3lo pueden ofrecerse a usuarios registrados. Las personas registradas son libres de modificar en cualquier momento los datos personales facilitados durante el registro o de eliminarlos completamente de la base de datos del responsable del tratamiento. <\/p><p>El responsable del tratamiento proporcionar\u00e1 a cualquier interesado que lo solicite, en cualquier momento, informaci\u00f3n sobre qu\u00e9 datos personales relativos al interesado est\u00e1n almacenados. Adem\u00e1s, el responsable del tratamiento rectificar\u00e1 o borrar\u00e1 los datos personales a petici\u00f3n o indicaci\u00f3n del interesado, en la medida en que ello no entre en conflicto con ninguna obligaci\u00f3n legal de conservaci\u00f3n. Todos los empleados del responsable del tratamiento est\u00e1n a disposici\u00f3n del interesado como personas de contacto en este contexto.  <\/p><h4 class=\"wp-block-heading\">6. posibilidad de contacto a trav\u00e9s del sitio web<\/h4><p>Mein Wortschatz El sitio web de contiene informaci\u00f3n que permite un contacto electr\u00f3nico r\u00e1pido con nuestra empresa, as\u00ed como la comunicaci\u00f3n directa con nosotros, que tambi\u00e9n incluye una direcci\u00f3n general del llamado correo electr\u00f3nico (direcci\u00f3n de correo electr\u00f3nico). Si un interesado se pone en contacto con el responsable del tratamiento por correo electr\u00f3nico o a trav\u00e9s de un formulario de contacto, los datos personales transmitidos por el interesado se almacenan autom\u00e1ticamente. Los datos personales transmitidos voluntariamente por un interesado al responsable del tratamiento se almacenan con el fin de procesar o ponerse en contacto con el interesado. Estos datos personales no se transmiten a terceros.   <\/p><h4 class=\"wp-block-heading\">7. funci\u00f3n de comentarios en el blog del sitio web<\/h4><p>Mein Wortschatz ofrece a los usuarios la posibilidad de dejar comentarios individuales sobre contribuciones individuales en un blog, que se encuentra en el sitio web del responsable del tratamiento. Un blog es un portal de un sitio web, normalmente abierto al p\u00fablico, en el que una o varias personas, denominadas blogueros o blogueros web, pueden publicar art\u00edculos o escribir pensamientos en las denominadas entradas de blog. Por lo general, las entradas del blog pueden ser comentadas por terceros.  <\/p><p>Si un interesado deja un comentario en el blog publicado en este sitio web, la informaci\u00f3n sobre la hora de entrada del comentario y el nombre de usuario (seud\u00f3nimo) elegido por el interesado se almacenan y publican adem\u00e1s de los comentarios dejados por el interesado. Adem\u00e1s, tambi\u00e9n se registra la direcci\u00f3n IP asignada por el proveedor de servicios de Internet (ISP) del interesado. La direcci\u00f3n IP se almacena por motivos de seguridad y en caso de que el interesado viole los derechos de terceros o publique contenido ilegal al publicar un comentario. Por lo tanto, estos datos personales se almacenan en inter\u00e9s del responsable del tratamiento, para que \u00e9ste pueda exculparse en caso de infracci\u00f3n. Los datos personales recogidos no se transmitir\u00e1n a terceros a menos que dicha transmisi\u00f3n sea exigida por la ley o sirva para la defensa jur\u00eddica del responsable del tratamiento.    <\/p><h4 class=\"wp-block-heading\">8 Supresi\u00f3n y bloqueo sistem\u00e1ticos de datos personales<\/h4><p>El responsable del tratamiento tratar\u00e1 y almacenar\u00e1 los datos personales del interesado s\u00f3lo durante el periodo necesario para alcanzar el objetivo del almacenamiento, o en la medida en que lo conceda el legislador europeo u otros legisladores en leyes o reglamentos a los que est\u00e9 sujeto el responsable del tratamiento.<\/p><p>Si la finalidad del almacenamiento deja de ser aplicable o si expira un periodo de almacenamiento prescrito por el legislador europeo u otro legislador competente, los datos personales se bloquear\u00e1n o borrar\u00e1n de forma rutinaria de acuerdo con las disposiciones legales.<\/p><h4 class=\"wp-block-heading\">9 Derechos del interesado<\/h4><ul class=\"wp-block-list\"><li><br\/>a) Derecho de confirmaci\u00f3n Cada interesado tendr\u00e1 el derecho otorgado por el legislador europeo a obtener del responsable del tratamiento la confirmaci\u00f3n de si se est\u00e1n tratando o no datos personales que le conciernen. Si un interesado desea hacer uso de este derecho de confirmaci\u00f3n, podr\u00e1 dirigirse en cualquier momento a cualquier empleado del responsable del tratamiento. <\/li>\n\n<li><br\/>b) Derecho de acceso Toda persona afectada por el tratamiento de datos personales tiene derecho, otorgado por el legislador europeo, a obtener del responsable del tratamiento informaci\u00f3n gratuita sobre los datos personales almacenados sobre ella y una copia de esta informaci\u00f3n en cualquier momento. Adem\u00e1s, el legislador europeo ha concedido al interesado el acceso a la siguiente informaci\u00f3n: <ul><li>los fines del tratamientolas categor\u00edas de datos personales objeto del tratamientolos destinatarios o categor\u00edas de destinatarios a los que se han comunicado o se comunicar\u00e1n los datos personales, en particular destinatarios en terceros pa\u00edses u organizaciones internacionalescuando sea posibleel plazo previsto de conservaci\u00f3n de los datos personales o, si no es posible, los criterios utilizados para determinar dicho plazo los criterios utilizados para determinar dicho per\u00edodola existencia del derecho a solicitar al responsable del tratamiento la rectificaci\u00f3n o supresi\u00f3n de los datos personales o la limitaci\u00f3n del tratamiento de los datos personales relativos al interesado, o a oponerse a dicho tratamientola existencia del derecho a presentar una reclamaci\u00f3n ante una autoridad de control en caso de que no se recaben los datos personales del interesado: Toda la informaci\u00f3n disponible sobre el origen de los datosLa existencia de una toma de decisiones automatizada, incluida la elaboraci\u00f3n de perfiles, de conformidad con el art\u00edculo 22 (1) y (4) del GDPR y -al menos en estos casos- informaci\u00f3n significativa sobre la l\u00f3gica implicada y el alcance y los efectos previstos de dicho tratamiento para el interesado.<\/li><\/ul>Adem\u00e1s, el interesado tiene derecho a saber si se han transferido datos personales a un tercer pa\u00eds o a una organizaci\u00f3n internacional. Si \u00e9ste es el caso, el interesado tambi\u00e9n tiene derecho a ser informado de las garant\u00edas adecuadas relativas a la transferencia; si un interesado desea ejercer este derecho de acceso, puede ponerse en contacto con un empleado del responsable del tratamiento en cualquier momento. <\/li>\n\n<li><br\/>c) Derecho de rectificaci\u00f3n Cada interesado tendr\u00e1 el derecho otorgado por el legislador europeo a obtener del responsable del tratamiento, sin dilaci\u00f3n indebida, la rectificaci\u00f3n de los datos personales inexactos que le conciernan. Teniendo en cuenta los fines del tratamiento, el interesado tambi\u00e9n tendr\u00e1 derecho a que se completen los datos personales incompletos, incluso mediante el suministro de una declaraci\u00f3n complementaria Si un interesado desea ejercer este derecho de rectificaci\u00f3n, podr\u00e1 dirigirse en cualquier momento a cualquier empleado del responsable del tratamiento. <\/li>\n\n<li><br\/>d) Derecho de supresi\u00f3n (derecho al olvido) Cada interesado tendr\u00e1 el derecho otorgado por el legislador europeo a obtener del responsable del tratamiento la supresi\u00f3n de los datos personales que le conciernan sin dilaci\u00f3n indebida, y el responsable del tratamiento tendr\u00e1 la obligaci\u00f3n de suprimir los datos personales sin dilaci\u00f3n indebida cuando concurra uno de los motivos siguientes, siempre que el tratamiento no sea necesario<ul><li>El interesado retira el consentimiento en el que se basa el tratamiento de acuerdo con el art\u00edculo 6, apartado 1, letra a), del RGPD, o el art\u00edculo 9, apartado 2, letra a), del RGPD, y cuando no exista ning\u00fan otro fundamento jur\u00eddico para el tratamiento. El interesado se opone al tratamiento de acuerdo con el art\u00edculo 21, apartado 1, del RGPD y no existen motivos leg\u00edtimos imperiosos para el tratamiento, o el interesado se opone al tratamiento de acuerdo con el art\u00edculo 21, apartado 2, del RGPD. Los datos personales han sido tratados de forma il\u00edcita; los datos personales deben suprimirse para cumplir una obligaci\u00f3n legal del Derecho de la Uni\u00f3n o de los Estados miembros a la que est\u00e9 sujeto el responsable del tratamiento; los datos personales se han recogido en relaci\u00f3n con la oferta de servicios de la sociedad de la informaci\u00f3n a que se refiere el art\u00edculo 8, apartado 1, del RGPD.     <\/li><\/ul>Mein Wortschatz Si se aplica una de las razones mencionadas anteriormente, y un interesado desea solicitar la supresi\u00f3n de los datos personales almacenados por , podr\u00e1, en cualquier momento, ponerse en contacto con cualquier empleado del responsable del tratamiento. Mein Wortschatz Mein Wortschatz Un empleado de , se asegurar\u00e1 de que la solicitud de supresi\u00f3n se cumpla inmediatamente. ha hecho p\u00fablicos los datos personales y est\u00e1 obligado, en virtud del art\u00edculo 17, apartado 1, del GDPR, a suprimir los datos personales. Mein Wortschatz 1 del RGPD a suprimir los datos personales, adoptar\u00e1, teniendo en cuenta la tecnolog\u00eda disponible y el coste de su aplicaci\u00f3n, medidas razonables, incluidas medidas t\u00e9cnicas, para informar a otros responsables del tratamiento de los datos personales de que el interesado ha solicitado la supresi\u00f3n por dichos responsables de cualquier enlace a dichos datos personales, o de cualquier copia o r\u00e9plica de los mismos, en la medida en que el tratamiento no sea necesario. Mein Wortschatz Un empleado de dispondr\u00e1 las medidas necesarias en casos individuales.   <\/li>\n\n<li><br\/>e) Derecho a la limitaci\u00f3n del tratamiento Cada interesado tendr\u00e1 el derecho otorgado por el legislador europeo a obtener del responsable del tratamiento la limitaci\u00f3n del tratamiento cuando se d\u00e9 una de las siguientes circunstancias:<ul><li>El interesado impugna la exactitud de los datos personales durante un plazo que permite al responsable del tratamiento verificar la exactitud de los datos personales; el tratamiento es il\u00edcito y el interesado se opone a la supresi\u00f3n de los datos personales y solicita en su lugar la limitaci\u00f3n de su uso.El responsable del tratamiento ya no necesita los datos personales para los fines del tratamiento, pero el interesado los necesita para el reconocimiento, el ejercicio o la defensa de un derecho en un procedimiento judicial.El interesado se ha opuesto al tratamiento de conformidad con el art\u00edculo 21, apartado 1, del RGPD, a la espera de que se verifique si los motivos leg\u00edtimos del responsable del tratamiento prevalecen sobre los del interesado.  <\/li><\/ul>Mein Wortschatz Si se cumple una de las condiciones mencionadas, y un interesado desea solicitar la limitaci\u00f3n del tratamiento de los datos personales almacenados por , puede ponerse en contacto en cualquier momento con cualquier empleado del responsable del tratamiento. Mein Wortschatz El empleado de organizar\u00e1 la restricci\u00f3n del tratamiento. <\/li>\n\n<li><br\/>f) Derecho a la portabilidad de los datos Todo interesado tendr\u00e1 derecho, reconocido por el legislador europeo, a recibir los datos personales que le conciernan y que haya facilitado a un responsable del tratamiento, en un formato estructurado, de uso com\u00fan y lectura mec\u00e1nica. Tambi\u00e9n tiene derecho a transmitir esos datos a otro responsable del tratamiento sin impedimentos por parte del responsable al que se han facilitado los datos personales, cuando el tratamiento se base en el consentimiento de conformidad con el art\u00edculo 6, apartado 1, letra a), del RGPD o con el art\u00edculo 9, apartado 2, letra a), del RGPD, o en un contrato de conformidad con el art\u00edculo 6, apartado 1, letra b), del RGPD, y el tratamiento se lleve a cabo por medios automatizados, a menos que el tratamiento sea necesario para el cumplimiento de una misi\u00f3n de inter\u00e9s p\u00fablico o en el ejercicio de poderes p\u00fablicos conferidos al responsable del tratamiento. Mein Wortschatz Adem\u00e1s, en el ejercicio de su derecho a la portabilidad de los datos de conformidad con el art\u00edculo 20, apartado 1, del RGPD, el interesado tendr\u00e1 derecho a que los datos personales se transmitan directamente de un responsable del tratamiento a otro, siempre que sea t\u00e9cnicamente posible y que ello no afecte negativamente a los derechos y libertades de otras personas. para hacer valer el derecho a la portabilidad de los datos, el interesado podr\u00e1 ponerse en contacto en cualquier momento con un empleado de.     <\/li>\n\n<li><br\/>g) Derecho de oposici\u00f3n Cada interesado tendr\u00e1 derecho a oponerse, por motivos relacionados con su situaci\u00f3n particular, en cualquier momento, al tratamiento de los datos personales que le conciernan, basado en las letras e) o f) del apartado 1 del art\u00edculo 6 del RGPD. Mein Wortschatz Mein Wortschatz Esto tambi\u00e9n se aplica a la elaboraci\u00f3n de perfiles basada en estas disposiciones. dejar\u00e1 de tratar los datos personales en caso de oposici\u00f3n, a menos que podamos demostrar motivos leg\u00edtimos imperiosos para el tratamiento que prevalezcan sobre los intereses, derechos y libertades del interesado, o para la formulaci\u00f3n, el ejercicio o la defensa de reclamaciones judiciales. trate datos personales con fines de mercadotecnia directa, el interesado tendr\u00e1 derecho a oponerse en cualquier momento al tratamiento de los datos personales que le conciernan para dicha mercadotecnia. Esto tambi\u00e9n se aplica a la elaboraci\u00f3n de perfiles en la medida en que est\u00e9 relacionada con dicha mercadotecnia directa. Mein Wortschatz Mein Wortschatz Mein Wortschatz Si el interesado se opone al tratamiento con fines de mercadotecnia directa, dejaremos de tratar los datos personales para estos fines. Adem\u00e1s, el interesado tiene derecho, por motivos relacionados con su situaci\u00f3n particular, a oponerse al tratamiento de los datos personales que le conciernan con fines de investigaci\u00f3n cient\u00edfica o hist\u00f3rica, o con fines estad\u00edsticos, de conformidad con el art\u00edculo 89, apartado 1, del RGPD. Mein Wortschatz 89(1) del RGPD, salvo que el tratamiento sea necesario para el cumplimiento de una misi\u00f3n realizada por razones de inter\u00e9s p\u00fablico, en cuyo caso el interesado podr\u00e1 dirigirse directamente a cualquier empleado de u otro empleado para ejercer el derecho de oposici\u00f3n. Adem\u00e1s, el interesado es libre, en el contexto de la utilizaci\u00f3n de los servicios de la sociedad de la informaci\u00f3n, y no obstante lo dispuesto en la Directiva 2002\/58\/CE, de ejercer su derecho de oposici\u00f3n por medios automatizados utilizando especificaciones t\u00e9cnicas.       <\/li>\n\n<li>h) Decisiones automatizadas en casos individuales, incluida la elaboraci\u00f3n de perfiles<br\/>Todo interesado tendr\u00e1 derecho a no ser objeto de una decisi\u00f3n basada \u00fanicamente en un tratamiento automatizado, incluida la elaboraci\u00f3n de perfiles, que produzca efectos jur\u00eddicos en \u00e9l o le afecte de forma similar de manera significativa, siempre que la decisi\u00f3n (1) no sea necesaria para la celebraci\u00f3n o ejecuci\u00f3n de un contrato entre el interesado y el responsable del tratamiento, o (2) est\u00e9 autorizada por el Derecho de la Uni\u00f3n o de los Estados miembros al que est\u00e9 sujeto el responsable del tratamiento y que tambi\u00e9n establezca medidas adecuadas para salvaguardar los derechos y libertades del interesado y sus intereses leg\u00edtimos, o (3) se base en el consentimiento expl\u00edcito del interesado. Mein Wortschatz Si la decisi\u00f3n (1) es necesaria para la celebraci\u00f3n o el cumplimiento de un contrato entre el interesado y un responsable del tratamiento, o (2) se basa en el consentimiento expl\u00edcito del interesado, aplicar\u00e1 las medidas adecuadas para salvaguardar los derechos y libertades e intereses leg\u00edtimos del interesado, al menos el derecho a obtener la intervenci\u00f3n humana por parte del responsable del tratamiento, a expresar su punto de vista y a impugnar la decisi\u00f3n. aplicar\u00e1 las medidas adecuadas para salvaguardar los derechos y libertades e intereses leg\u00edtimos del interesado, al menos el derecho a obtener la intervenci\u00f3n humana por parte del responsable del tratamiento, a expresar su punto de vista y a impugnar la decisi\u00f3n.<\/li>\n\n<li><br\/>i) Derecho a retirar el consentimiento para la protecci\u00f3n de datos Cualquier persona afectada por el tratamiento de datos personales tiene el derecho otorgado por el legislador europeo de directivas y reglamentos a retirar el consentimiento para el tratamiento de datos personales en cualquier momento. si el interesado desea ejercer su derecho a retirar el consentimiento, puede ponerse en contacto con un empleado del responsable del tratamiento en cualquier momento.<\/li><\/ul><h4 class=\"wp-block-heading\">10 WooCommerce<\/h4><p>Hemos integrado el sistema de tienda de c\u00f3digo abierto WooCommerce como plugin en nuestro sitio web. Este plugin WooCommerce se basa en el sistema de gesti\u00f3n de contenidos WordPress, que es una filial de Automattic Inc (60 29th Street #343, San Francisco, CA 94110, EE.UU.). Las funciones implementadas env\u00edan, almacenan y procesan datos a Automattic Inc. En esta pol\u00edtica de privacidad, te informamos de qu\u00e9 datos se trata, c\u00f3mo utiliza la red estos datos y c\u00f3mo puedes gestionar o impedir el almacenamiento de datos.     <\/p><p><strong>\u00bfQu\u00e9 es WooCommerce?<\/strong><\/p><p>WooCommerce es un sistema de tienda online que forma parte del directorio de WordPress desde 2011 y se desarroll\u00f3 espec\u00edficamente para sitios web de WordPress. Es una plataforma de comercio electr\u00f3nico personalizable y de c\u00f3digo abierto que se basa en WordPress y que tambi\u00e9n se ha integrado en nuestro sitio web como un plugin de WordPress. <\/p><p><strong>\u00bfPor qu\u00e9 utilizamos WooCommerce en nuestro sitio web?<\/strong><\/p><p>Utilizamos esta pr\u00e1ctica soluci\u00f3n de tienda online para ofrecerte nuestros productos o servicios f\u00edsicos o digitales en nuestro sitio web de la mejor manera posible. El objetivo es proporcionarte un acceso sencillo y f\u00e1cil a nuestra gama para que puedas encontrar los productos que deseas de forma r\u00e1pida y sencilla. Con WooCommerce, hemos encontrado un buen plugin que cumple nuestros requisitos para una tienda online.  <\/p><p><strong>\u00bfQu\u00e9 datos almacena WooCommerce?<\/strong><\/p><p>La informaci\u00f3n que introduces activamente en un campo de texto en nuestra tienda online puede ser recopilada y almacenada por WooCommerce o Automattic. As\u00ed, cuando te registras con nosotros o pides un producto, Automattic puede recoger, procesar y almacenar estos datos. Adem\u00e1s de tu direcci\u00f3n de correo electr\u00f3nico, nombre o direcci\u00f3n, esto tambi\u00e9n puede incluir informaci\u00f3n sobre tu tarjeta de cr\u00e9dito o de facturaci\u00f3n. Automattic puede utilizar posteriormente esta informaci\u00f3n para sus propias campa\u00f1as de marketing.   <\/p><p>Adem\u00e1s, tambi\u00e9n hay informaci\u00f3n que Automattic recoge autom\u00e1ticamente de ti en los llamados archivos de registro del servidor:<\/p><ul class=\"wp-block-list\"><li>Direcci\u00f3n IP<\/li>\n\n<li>Informaci\u00f3n del navegador<\/li>\n\n<li>Configuraci\u00f3n de idioma preestablecida<\/li>\n\n<li>Fecha y hora de acceso a la web<\/li><\/ul><p>WooCommerce tambi\u00e9n establece cookies en tu navegador y utiliza tecnolog\u00edas como etiquetas de p\u00edxel (balizas web), por ejemplo para identificarte claramente como usuario y posiblemente ofrecerte publicidad basada en tus intereses. WooCommerce utiliza varias cookies diferentes que se establecen en funci\u00f3n de la acci\u00f3n del usuario. Esto significa, por ejemplo, que cuando colocas un producto en la cesta de la compra, se establece una cookie para que el producto permanezca en la cesta de la compra cuando salgas de nuestro sitio web y vuelvas m\u00e1s tarde.  <\/p><p>Aqu\u00ed te mostramos una lista ejemplar de posibles cookies que puede establecer WooCommerce:<\/p><p><br\/><br\/><br\/>N<strong>ombre:<\/strong> woocommerce_items_in_cart<strong>Valor:<\/strong> 1<strong>Finalidad:<\/strong> La cookie ayuda a WooCommerce a determinar cu\u00e1ndo cambia el contenido de la cesta de la compra<strong>Fecha de<\/strong><strong>caducidad:<\/strong> al finalizar la sesi\u00f3n<\/p><p><br\/><br\/><br\/>N<strong>ombre:<\/strong> woocommerce_cart_hash<strong>Valor:<\/strong> 447c84f810834056ab37cfe5ed27f204311246121-7<strong>Finalidad:<\/strong> Esta cookie tambi\u00e9n se utiliza para reconocer y guardar los cambios en tu cesta de la compra<strong>Fecha de<\/strong><strong>caducidad:<\/strong> al finalizar la sesi\u00f3n<\/p><p><br\/>N<strong>ombre:<\/strong> wp_woocommerce_session_d9e29d251cf8a108a6482d9fe2ef34b6<strong>Valor:<\/strong> 1146%7C%7C1589034207%7C%<br\/><br\/>7C95f8053ce0cea135bbce671043e740311246121-4aa<strong>Finalidad:<\/strong> Esta cookie contiene un identificador \u00fanico para ti, de modo que los datos de la cesta de la compra tambi\u00e9n se puedan encontrar en la base de datos<strong>Fecha de<\/strong><strong>caducidad:<\/strong> despu\u00e9s de 2 d\u00edas<\/p><p><strong>\u00bfCu\u00e1nto tiempo y d\u00f3nde se almacenan los datos?<\/strong><\/p><p>A menos que exista una obligaci\u00f3n legal de conservar los datos durante un periodo de tiempo m\u00e1s largo, WooCommerce elimina los datos cuando ya no son necesarios para los fines para los que se almacenaron. Por ejemplo, los archivos de registro del servidor que contienen datos t\u00e9cnicos sobre tu navegador y tu direcci\u00f3n IP se eliminan al cabo de 30 d\u00edas. Hasta entonces, Automattic utiliza los datos para analizar el tr\u00e1fico en sus propios sitios web (por ejemplo, todas las p\u00e1ginas de WordPress) y para resolver posibles problemas. Los datos se almacenan en los servidores estadounidenses de Automattic.   <\/p><p><strong>\u00bfC\u00f3mo puedo borrar mis datos o impedir que se almacenen?<\/strong><\/p><p>Tienes derecho a acceder a tus datos personales en cualquier momento y a oponerte a su uso y tratamiento. Tambi\u00e9n puedes presentar una reclamaci\u00f3n ante una autoridad supervisora estatal en cualquier momento. <\/p><p>En tu navegador, tambi\u00e9n tienes la opci\u00f3n de gestionar, eliminar o desactivar las cookies individualmente. Sin embargo, ten en cuenta que las cookies desactivadas o eliminadas pueden tener un impacto negativo en las funciones de nuestra tienda online WooCommerce. Dependiendo del navegador que utilices, la gesti\u00f3n de las cookies funciona de forma ligeramente diferente. A continuaci\u00f3n encontrar\u00e1s enlaces a las instrucciones para los navegadores m\u00e1s comunes:   <\/p><p><a href=\"https:\/\/support.google.com\/chrome\/answer\/95647?tid=311246121\" target=\"_blank\" rel=\"noreferrer noopener\">Chrome: Eliminar, activar y gestionar cookies en Chrome<\/a><\/p><p><a href=\"https:\/\/support.apple.com\/de-at\/guide\/safari\/sfri11471\/mac?tid=311246121\" target=\"_blank\" rel=\"noreferrer noopener\">Safari: Gesti\u00f3n de cookies y datos de sitios web con Safari<\/a><\/p><p><a href=\"https:\/\/support.mozilla.org\/de\/kb\/cookies-und-website-daten-in-firefox-loschen?tid=311246121\" target=\"_blank\" rel=\"noreferrer noopener\">Firefox: Eliminar cookies para eliminar los datos que los sitios web han almacenado en tu ordenador<\/a><\/p><p><a href=\"https:\/\/support.microsoft.com\/de-at\/help\/17442\/windows-internet-explorer-delete-manage-cookies?tid=311246121\" target=\"_blank\" rel=\"noreferrer noopener\">Internet Explorer: Eliminar y gestionar cookies<\/a><\/p><p><a href=\"https:\/\/support.microsoft.com\/de-at\/help\/4027947\/windows-delete-cookies?tid=311246121\" target=\"_blank\" rel=\"noreferrer noopener\">Microsoft Edge: Eliminar y gestionar cookies<\/a><\/p><p>Automattic participa activamente en el Marco del Escudo de Privacidad UE-EE.UU., que regula la transferencia correcta y segura de datos personales.<br\/>Puedes encontrar m\u00e1s informaci\u00f3n al respecto enh <a href=\"https:\/\/www.privacyshield.gov\/participant?id=a2zt0000000CbqcAAC\" target=\"_blank\" rel=\"noreferrer noopener\">ttps:\/\/www.privacyshield.gov\/participant?id=a2zt0000000CbqcAAC<\/a>. Puedes encontrar m\u00e1s detalles sobre la pol\u00edtica de privacidad y qu\u00e9 datos recoge WooCommerce y c\u00f3mo en <a href=\"https:\/\/automattic.com\/privacy\/?tid=311246121\" target=\"_blank\" rel=\"noreferrer noopener\">https:\/\/automattic.com\/privacy\/ <\/a>e informaci\u00f3n general sobre WooCommerce en <a href=\"https:\/\/woocommerce.com\/?tid=311246121\" target=\"_blank\" rel=\"noreferrer noopener\">https:\/\/woocommerce.com\/.<\/a> <\/p><h2 class=\"wp-block-heading\" id=\"nutzung-des-meta-pixels-facebook-pixels\">11. uso del meta p\u00edxel (p\u00edxel de Facebook) y de Google Tag Manager<\/h2><p>Hacemos publicidad en Facebook e Instagram. En este contexto, hemos integrado el \u00abmeta p\u00edxel\u00bb en nuestro sitio web. <\/p><p>El meta p\u00edxel lo hace posible:<\/p><ul class=\"wp-block-list\"><li>Mide el \u00e9xito de las campa\u00f1as publicitarias en Facebook.<\/li>\n\n<li>para dirigirnos de nuevo a los visitantes de nuestro sitio web con anuncios en Facebook e Instagram.<\/li>\n\n<li>Para personalizar los anuncios a las p\u00e1ginas o productos a los que se ha accedido anteriormente.<\/li><\/ul><p>El meta p\u00edxel nos lo proporciona Meta Platforms Ireland Limited (Gordon House, Barrow Street, Dubl\u00edn 4, Irlanda).<\/p><p>Durante tu visita al sitio web, se transmiten a Meta, entre otros, los siguientes datos:<\/p><ul class=\"wp-block-list\"><li>P\u00e1ginas o URL a las que se ha accedido<\/li>\n\n<li>Pedidos, incluida la facturaci\u00f3n y los productos solicitados <\/li>\n\n<li>La consecuci\u00f3n de los \u00abobjetivos del sitio web\u00bb (por ejemplo, consultas de contacto e inscripciones al bolet\u00edn)<\/li>\n\n<li>Tus datos de conexi\u00f3n a Internet (direcci\u00f3n IP)<\/li>\n\n<li>Informaci\u00f3n t\u00e9cnica como navegador, dispositivo final y resoluci\u00f3n de pantalla<\/li>\n\n<li>Un ID de usuario generado aleatoriamente<\/li>\n\n<li>Un ID de clic publicitario generado aleatoriamente si has llegado a nuestro sitio web a trav\u00e9s de un anuncio<\/li><\/ul><p>No se transfieren a Facebook datos personales como nombre, direcci\u00f3n o datos de contacto.<\/p><p>Estos datos tambi\u00e9n se transfieren potencialmente a los servidores de Meta en EEUU.<\/p><p>Meta almacena cookies en tu navegador durante un per\u00edodo de un a\u00f1o desde tu \u00faltima visita. Estas cookies contienen un identificador de usuario generado aleatoriamente con el que se te puede reconocer en futuras visitas al sitio web. Si has iniciado sesi\u00f3n en plataformas de Meta como Facebook\/Instagram, Meta tambi\u00e9n puede asignar la visita a tu cuenta de Facebook\/Instagram.  <\/p><p>Seguimos utilizando el servicio Google Tag Manager de Google.<br\/>\u00abGoogle\u00bb es un grupo de empresas formado por Google Ireland Ltd (proveedor del servicio), Gordon House, Barrow Street, Dubl\u00edn 4, Irlanda y Google LLC, 1600 Amphitheatre Parkway, Mountain View, CA 94043, EE.UU. y otras empresas afiliadas a Google LLC. Hemos celebrado un contrato de procesamiento de pedidos con Google. Google Tag Manager es un servicio auxiliar y s\u00f3lo procesa datos personales por s\u00ed mismo para fines t\u00e9cnicamente necesarios. Google Tag Manager garantiza la carga de otros componentes, que a su vez pueden recopilar datos.<br\/><br\/>Google Tag Manager no accede a estos datos. Puedes encontrar m\u00e1s informaci\u00f3n sobre Google Tag Manager en la pol\u00edtica de privacidad de Google. Ten en cuenta que las autoridades estadounidenses, como las agencias de inteligencia, podr\u00edan acceder a los datos personales que inevitablemente se intercambian con Google a trav\u00e9s del Protocolo de Internet (TCP) al integrar este servicio, debido a leyes estadounidenses como la Ley de la Nube.    <\/p><p>Si no est\u00e1s de acuerdo con la recopilaci\u00f3n de datos, puedes evitarlo instalando un complemento de bloqueo de seguimiento en tu navegador o rechazando las cookies a trav\u00e9s de nuestro cuadro de di\u00e1logo de configuraci\u00f3n de cookies.<\/p><h4 class=\"wp-block-heading\">12. disposiciones de protecci\u00f3n de datos sobre la aplicaci\u00f3n y el uso de Shariff<\/h4><p>El responsable del tratamiento ha integrado el componente Shariff en este sitio web. El componente Shariff proporciona botones de redes sociales que cumplen la normativa de protecci\u00f3n de datos. Shariff fue desarrollado para la revista inform\u00e1tica alemana c&#8217;t y se publica a trav\u00e9s de GitHub, Inc.   <\/p><p>El desarrollador del componente es GitHub, Inc. 88 Colin P. Kelly Junior Street, San Francisco, CA 94107, EE.UU. <\/p><p>Normalmente, las soluciones de botones proporcionadas por las redes sociales ya transfieren datos personales a la red social respectiva cuando un usuario visita un sitio web en el que se ha integrado un bot\u00f3n de redes sociales. Al utilizar el componente Shariff, los datos personales s\u00f3lo se transmiten a las redes sociales cuando el visitante de un sitio web hace clic activamente en uno de los botones de las redes sociales. La revista inform\u00e1tica c&#8217;t proporciona m\u00e1s informaci\u00f3n sobre el componente Shariff <a href=\"http:\/\/www.heise.de\/newsticker\/meldung\/Datenschutz-und-Social-Media-Der-c-t-Shariff-ist-im-Einsatz-2470103.html\" target=\"_blank\" rel=\"noreferrer noopener\">en http:\/\/www.heise.de\/newsticker\/meldung\/Datenschutz-und-Social-Media-Der-c-t-Shariff-ist-im-Einsatz-2470103.html.<\/a> El objetivo de utilizar el componente Shariff es proteger los datos personales de los visitantes de nuestro sitio web y, al mismo tiempo, permitirnos integrar una soluci\u00f3n de botones para redes sociales en este sitio web.   <\/p><p>Puedes encontrar m\u00e1s informaci\u00f3n y las disposiciones aplicables en materia de protecci\u00f3n de datos de GitHub en <a href=\"https:\/\/help.github.com\/articles\/github-privacy-policy\/\" target=\"_blank\" rel=\"noreferrer noopener\">https:\/\/help.github.com\/articles\/github-privacy-policy\/.<\/a> <\/p><h4 class=\"wp-block-heading\">13. m\u00e9todo de pago: normas de protecci\u00f3n de datos para PayPal como m\u00e9todo de pago<\/h4><p>El responsable del tratamiento ha integrado componentes de PayPal en este sitio web. PayPal es un proveedor de servicios de pago en Internet. Los pagos se procesan a trav\u00e9s de las llamadas cuentas PayPal, que son cuentas virtuales privadas o de empresa. PayPal tambi\u00e9n ofrece la opci\u00f3n de procesar pagos virtuales a trav\u00e9s de tarjetas de cr\u00e9dito si un usuario no tiene una cuenta PayPal. Una cuenta PayPal se gestiona a trav\u00e9s de una direcci\u00f3n de correo electr\u00f3nico, por lo que no existe el cl\u00e1sico n\u00famero de cuenta. PayPal permite iniciar pagos en Internet a terceros o recibir pagos. PayPal tambi\u00e9n asume funciones fiduciarias y ofrece servicios de protecci\u00f3n al comprador.      <\/p><p>La empresa operativa europea de PayPal es PayPal (Europe) S.\u00e0.r.l. et Cie, S.C.A., 22-24 Boulevard Royal L-2449, Luxemburgo.<\/p><p>Si el interesado selecciona \u00abPayPal\u00bb como opci\u00f3n de pago durante el proceso de pedido en nuestra tienda online, los datos del interesado se transmiten autom\u00e1ticamente a PayPal. Al seleccionar esta opci\u00f3n de pago, el interesado consiente la transmisi\u00f3n de los datos personales necesarios para el procesamiento del pago. <\/p><p>Los datos personales transmitidos a PayPal suelen ser el nombre, los apellidos, la direcci\u00f3n, la direcci\u00f3n de correo electr\u00f3nico, la direcci\u00f3n IP, el n\u00famero de tel\u00e9fono, el n\u00famero de tel\u00e9fono m\u00f3vil u otros datos necesarios para el procesamiento del pago. Los datos personales necesarios para procesar el contrato de compra son tambi\u00e9n datos relacionados con el pedido correspondiente. <\/p><p>La finalidad de la transmisi\u00f3n de los datos es procesar los pagos y evitar el fraude. El responsable del tratamiento transmitir\u00e1 datos personales a PayPal, en particular, si existe un inter\u00e9s leg\u00edtimo en la transmisi\u00f3n. Los datos personales intercambiados entre PayPal y el controlador pueden ser transmitidos por PayPal a agencias de referencia de cr\u00e9dito. El objetivo de esta transmisi\u00f3n es comprobar la identidad y la solvencia.   <\/p><p>PayPal puede transmitir los datos personales a empresas afiliadas y proveedores de servicios o subcontratistas si es necesario para cumplir las obligaciones contractuales o si los datos deben procesarse en nombre de PayPal.<\/p><p>El interesado tiene la opci\u00f3n de revocar su consentimiento para el tratamiento de datos personales de PayPal en cualquier momento. Una revocaci\u00f3n no afecta a los datos personales que deban procesarse, utilizarse o transmitirse para el procesamiento de pagos (contractuales).   <\/p><p>Las disposiciones de protecci\u00f3n de datos aplicables de PayPal pueden consultarse en <a href=\"https:\/\/www.paypal.com\/de\/webapps\/mpp\/ua\/privacy-full\" target=\"_blank\" rel=\"noreferrer noopener\">https:\/\/www.paypal.com\/de\/webapps\/mpp\/ua\/privacy-full.<\/a> <\/p><h4 class=\"wp-block-heading\">14 Wordfence Security &#8211; Cortafuegos y an\u00e1lisis de malware<\/h4><p>Wordfence Security se utiliza en inter\u00e9s de la seguridad de nuestros servicios online contra ataques de fuerza bruta y DDoS o spam de comentarios. Esto constituye un inter\u00e9s leg\u00edtimo en el sentido del Art. 6 p\u00e1rr. 1 lit. f GDPR. Nos esforzamos por recopilar la menor cantidad posible de datos sobre el uso. Sin embargo, por razones de seguridad, nos vemos obligados a almacenar la direcci\u00f3n IP de tu dispositivo final y\/o la red utilizada. Estos datos se eliminar\u00e1n despu\u00e9s de un m\u00e1ximo de seis meses y no se transmitir\u00e1n a terceros bajo ninguna circunstancia, excepto en el caso de una obligaci\u00f3n legal correspondiente ante las autoridades.      <\/p><p>Puedes encontrar m\u00e1s informaci\u00f3n sobre Wordfence y el GDPR &#8211; Reglamento General de Protecci\u00f3n de Datos aqu\u00ed: <a href=\"https:\/\/www.wordfence.com\/help\/general-data-protection-regulation\/\" target=\"_blank\" rel=\"noreferrer noopener\">https:\/\/www.wordfence.com\/help\/general-data-protection-regulation\/<\/a><\/p><h4 class=\"wp-block-heading\">15. fundamento jur\u00eddico del tratamiento<\/h4><p>El art. 6 I lit. a GDPR sirve a nuestra empresa como base jur\u00eddica para las operaciones de tratamiento para las que obtenemos el consentimiento para un fin de tratamiento espec\u00edfico. Si el tratamiento de datos personales es necesario para el cumplimiento de un contrato en el que el interesado es parte, como ocurre, por ejemplo, con las operaciones de tratamiento que son necesarias para la entrega de bienes o la prestaci\u00f3n de otro servicio o contraprestaci\u00f3n, el tratamiento se basa en el Art. 6 I lit. b GDPR. Lo mismo se aplica a las operaciones de tratamiento que son necesarias para la ejecuci\u00f3n de medidas precontractuales, por ejemplo en casos de consultas sobre nuestros productos o servicios. Si nuestra empresa est\u00e1 sujeta a una obligaci\u00f3n legal que requiere el tratamiento de datos personales, como por ejemplo para el cumplimiento de obligaciones fiscales, el tratamiento se basa en el Art. 6 I lit. c GDPR. En raras ocasiones, el tratamiento de datos personales puede ser necesario para proteger los intereses vitales del interesado o de otra persona f\u00edsica. Este ser\u00eda el caso, por ejemplo, si un visitante se lesionara en nuestras instalaciones y hubiera que transmitir su nombre, edad, datos del seguro m\u00e9dico u otra informaci\u00f3n vital a un m\u00e9dico, hospital u otro tercero. El tratamiento se basar\u00eda entonces en el Art. 6 I lit. d GDPR. En \u00faltima instancia, las operaciones de tratamiento podr\u00edan basarse en el Art. 6 I lit. f GDPR. Las operaciones de procesamiento que no est\u00e9n cubiertas por ninguna de las bases jur\u00eddicas mencionadas anteriormente se basan en esta base jur\u00eddica si el procesamiento es necesario para salvaguardar un inter\u00e9s leg\u00edtimo de nuestra empresa o de un tercero, siempre que no prevalezcan los intereses, los derechos fundamentales y las libertades del interesado. Estamos autorizados a llevar a cabo tales operaciones de tratamiento, en particular porque han sido mencionadas espec\u00edficamente por el legislador europeo. A este respecto, consider\u00f3 que pod\u00eda presumirse un inter\u00e9s leg\u00edtimo si el interesado es cliente del responsable del tratamiento (Considerando 47, frase 2, del RGPD).               <\/p><h4 class=\"wp-block-heading\">16. intereses leg\u00edtimos en el tratamiento perseguidos por el responsable del tratamiento o un tercero<\/h4><p>Cuando el tratamiento de datos personales se basa en el art\u00edculo 6 I lit. f GDPR, nuestro inter\u00e9s leg\u00edtimo es el desempe\u00f1o de nuestras actividades empresariales en beneficio del bienestar de todos nuestros empleados y nuestros accionistas. <\/p><h4 class=\"wp-block-heading\">17. duraci\u00f3n del almacenamiento de los datos personales<\/h4><p>El criterio para la duraci\u00f3n del almacenamiento de datos personales es el periodo de conservaci\u00f3n legal correspondiente. Una vez transcurrido este periodo, los datos correspondientes se eliminan de forma rutinaria, siempre que ya no sean necesarios para el cumplimiento o el inicio de un contrato. <\/p><h4 class=\"wp-block-heading\">18. disposiciones legales o contractuales para la facilitaci\u00f3n de datos personales; necesidad para la celebraci\u00f3n del contrato; obligaci\u00f3n del interesado de facilitar los datos personales; posibles consecuencias de la no facilitaci\u00f3n<\/h4><p>Te informamos de que la facilitaci\u00f3n de datos personales viene exigida en parte por la ley (por ejemplo, normas fiscales) o tambi\u00e9n puede derivarse de disposiciones contractuales (por ejemplo, informaci\u00f3n sobre la parte contratante). A veces puede ser necesario, para la celebraci\u00f3n de un contrato, que el interesado nos facilite datos personales que posteriormente deban ser tratados por nosotros. Por ejemplo, el interesado est\u00e1 obligado a facilitarnos datos personales si nuestra empresa celebra un contrato con \u00e9l. No facilitar los datos personales significar\u00eda que el contrato con el interesado no podr\u00eda celebrarse. Antes de que el interesado facilite los datos personales, debe ponerse en contacto con uno de nuestros empleados. Nuestro empleado informar\u00e1 al interesado, caso por caso, de si el suministro de los datos personales es obligatorio por ley o por contrato, o es necesario para la celebraci\u00f3n del contrato, si existe la obligaci\u00f3n de proporcionar los datos personales y cu\u00e1les ser\u00edan las consecuencias si no se proporcionaran los datos personales.     <\/p><h4 class=\"wp-block-heading\">19. existencia de toma de decisiones automatizada<\/h4><p>Como empresa responsable, no utilizamos la toma de decisiones automatizada ni la elaboraci\u00f3n de perfiles.<\/p>","protected":false},"excerpt":{"rendered":"<p>Estamos encantados de que te hayas interesado por nuestra empresa. Mein Wortschatz La protecci\u00f3n de datos tiene una prioridad especialmente alta para la direcci\u00f3n de . Mein Wortschatz El uso [&hellip;]<\/p>\n","protected":false},"author":1,"featured_media":0,"parent":0,"menu_order":0,"comment_status":"closed","ping_status":"closed","template":"","meta":{"inline_featured_image":false,"footnotes":""},"class_list":["post-1710","page","type-page","status-publish","hentry"],"yoast_head":"<!-- This site is optimized with the Yoast SEO plugin v25.8 - https:\/\/yoast.com\/wordpress\/plugins\/seo\/ -->\n<title>Pol\u00edtica de privacidad &#062; Mein Wortschatz<\/title>\n<meta name=\"robots\" content=\"noindex, nofollow\" \/>\n<meta property=\"og:locale\" content=\"es_ES\" \/>\n<meta property=\"og:type\" content=\"article\" \/>\n<meta property=\"og:title\" content=\"Pol\u00edtica de privacidad &#062; Mein Wortschatz\" \/>\n<meta property=\"og:description\" content=\"Estamos encantados de que te hayas interesado por nuestra empresa. Mein Wortschatz La protecci\u00f3n de datos tiene una prioridad especialmente alta para la direcci\u00f3n de . Mein Wortschatz El uso [&hellip;]\" \/>\n<meta property=\"og:url\" content=\"https:\/\/mein-wortschatz.de\/es\/politica-de-privacidad\/\" \/>\n<meta property=\"og:site_name\" content=\"Mein Wortschatz\" \/>\n<meta property=\"article:modified_time\" content=\"2024-12-03T20:38:20+00:00\" \/>\n<meta name=\"twitter:card\" content=\"summary_large_image\" \/>\n<meta name=\"twitter:label1\" content=\"Tiempo de lectura\" \/>\n\t<meta name=\"twitter:data1\" content=\"39 minutos\" \/>\n<script type=\"application\/ld+json\" class=\"yoast-schema-graph\">{\"@context\":\"https:\/\/schema.org\",\"@graph\":[{\"@type\":\"WebPage\",\"@id\":\"https:\/\/mein-wortschatz.de\/es\/politica-de-privacidad\/\",\"url\":\"https:\/\/mein-wortschatz.de\/es\/politica-de-privacidad\/\",\"name\":\"Pol\u00edtica de privacidad &#062; Mein Wortschatz\",\"isPartOf\":{\"@id\":\"https:\/\/mein-wortschatz.de\/es\/#website\"},\"datePublished\":\"2024-08-08T10:15:23+00:00\",\"dateModified\":\"2024-12-03T20:38:20+00:00\",\"breadcrumb\":{\"@id\":\"https:\/\/mein-wortschatz.de\/es\/politica-de-privacidad\/#breadcrumb\"},\"inLanguage\":\"es\",\"potentialAction\":[{\"@type\":\"ReadAction\",\"target\":[\"https:\/\/mein-wortschatz.de\/es\/politica-de-privacidad\/\"]}]},{\"@type\":\"BreadcrumbList\",\"@id\":\"https:\/\/mein-wortschatz.de\/es\/politica-de-privacidad\/#breadcrumb\",\"itemListElement\":[{\"@type\":\"ListItem\",\"position\":1,\"name\":\"Startseite\",\"item\":\"https:\/\/mein-wortschatz.de\/es\/inicio\/\"},{\"@type\":\"ListItem\",\"position\":2,\"name\":\"Pol\u00edtica de privacidad\"}]},{\"@type\":\"WebSite\",\"@id\":\"https:\/\/mein-wortschatz.de\/es\/#website\",\"url\":\"https:\/\/mein-wortschatz.de\/es\/\",\"name\":\"Mein Wortschatz\",\"description\":\"\",\"publisher\":{\"@id\":\"https:\/\/mein-wortschatz.de\/es\/#organization\"},\"potentialAction\":[{\"@type\":\"SearchAction\",\"target\":{\"@type\":\"EntryPoint\",\"urlTemplate\":\"https:\/\/mein-wortschatz.de\/es\/?s={search_term_string}\"},\"query-input\":{\"@type\":\"PropertyValueSpecification\",\"valueRequired\":true,\"valueName\":\"search_term_string\"}}],\"inLanguage\":\"es\"},{\"@type\":\"Organization\",\"@id\":\"https:\/\/mein-wortschatz.de\/es\/#organization\",\"name\":\"Mein Wortschatz\",\"url\":\"https:\/\/mein-wortschatz.de\/es\/\",\"logo\":{\"@type\":\"ImageObject\",\"inLanguage\":\"es\",\"@id\":\"https:\/\/mein-wortschatz.de\/es\/#\/schema\/logo\/image\/\",\"url\":\"https:\/\/mein-wortschatz.de\/wp-content\/uploads\/2024\/12\/MeinWortschatz_Logo_rund.png\",\"contentUrl\":\"https:\/\/mein-wortschatz.de\/wp-content\/uploads\/2024\/12\/MeinWortschatz_Logo_rund.png\",\"width\":400,\"height\":400,\"caption\":\"Mein Wortschatz\"},\"image\":{\"@id\":\"https:\/\/mein-wortschatz.de\/es\/#\/schema\/logo\/image\/\"}}]}<\/script>\n<!-- \/ Yoast SEO plugin. -->","yoast_head_json":{"title":"Pol\u00edtica de privacidad &#062; Mein Wortschatz","robots":{"index":"noindex","follow":"nofollow"},"og_locale":"es_ES","og_type":"article","og_title":"Pol\u00edtica de privacidad &#062; Mein Wortschatz","og_description":"Estamos encantados de que te hayas interesado por nuestra empresa. Mein Wortschatz La protecci\u00f3n de datos tiene una prioridad especialmente alta para la direcci\u00f3n de . Mein Wortschatz El uso [&hellip;]","og_url":"https:\/\/mein-wortschatz.de\/es\/politica-de-privacidad\/","og_site_name":"Mein Wortschatz","article_modified_time":"2024-12-03T20:38:20+00:00","twitter_card":"summary_large_image","twitter_misc":{"Tiempo de lectura":"39 minutos"},"schema":{"@context":"https:\/\/schema.org","@graph":[{"@type":"WebPage","@id":"https:\/\/mein-wortschatz.de\/es\/politica-de-privacidad\/","url":"https:\/\/mein-wortschatz.de\/es\/politica-de-privacidad\/","name":"Pol\u00edtica de privacidad &#062; Mein Wortschatz","isPartOf":{"@id":"https:\/\/mein-wortschatz.de\/es\/#website"},"datePublished":"2024-08-08T10:15:23+00:00","dateModified":"2024-12-03T20:38:20+00:00","breadcrumb":{"@id":"https:\/\/mein-wortschatz.de\/es\/politica-de-privacidad\/#breadcrumb"},"inLanguage":"es","potentialAction":[{"@type":"ReadAction","target":["https:\/\/mein-wortschatz.de\/es\/politica-de-privacidad\/"]}]},{"@type":"BreadcrumbList","@id":"https:\/\/mein-wortschatz.de\/es\/politica-de-privacidad\/#breadcrumb","itemListElement":[{"@type":"ListItem","position":1,"name":"Startseite","item":"https:\/\/mein-wortschatz.de\/es\/inicio\/"},{"@type":"ListItem","position":2,"name":"Pol\u00edtica de privacidad"}]},{"@type":"WebSite","@id":"https:\/\/mein-wortschatz.de\/es\/#website","url":"https:\/\/mein-wortschatz.de\/es\/","name":"Mein Wortschatz","description":"","publisher":{"@id":"https:\/\/mein-wortschatz.de\/es\/#organization"},"potentialAction":[{"@type":"SearchAction","target":{"@type":"EntryPoint","urlTemplate":"https:\/\/mein-wortschatz.de\/es\/?s={search_term_string}"},"query-input":{"@type":"PropertyValueSpecification","valueRequired":true,"valueName":"search_term_string"}}],"inLanguage":"es"},{"@type":"Organization","@id":"https:\/\/mein-wortschatz.de\/es\/#organization","name":"Mein Wortschatz","url":"https:\/\/mein-wortschatz.de\/es\/","logo":{"@type":"ImageObject","inLanguage":"es","@id":"https:\/\/mein-wortschatz.de\/es\/#\/schema\/logo\/image\/","url":"https:\/\/mein-wortschatz.de\/wp-content\/uploads\/2024\/12\/MeinWortschatz_Logo_rund.png","contentUrl":"https:\/\/mein-wortschatz.de\/wp-content\/uploads\/2024\/12\/MeinWortschatz_Logo_rund.png","width":400,"height":400,"caption":"Mein Wortschatz"},"image":{"@id":"https:\/\/mein-wortschatz.de\/es\/#\/schema\/logo\/image\/"}}]}},"_links":{"self":[{"href":"https:\/\/mein-wortschatz.de\/es\/wp-json\/wp\/v2\/pages\/1710","targetHints":{"allow":["GET"]}}],"collection":[{"href":"https:\/\/mein-wortschatz.de\/es\/wp-json\/wp\/v2\/pages"}],"about":[{"href":"https:\/\/mein-wortschatz.de\/es\/wp-json\/wp\/v2\/types\/page"}],"author":[{"embeddable":true,"href":"https:\/\/mein-wortschatz.de\/es\/wp-json\/wp\/v2\/users\/1"}],"replies":[{"embeddable":true,"href":"https:\/\/mein-wortschatz.de\/es\/wp-json\/wp\/v2\/comments?post=1710"}],"version-history":[{"count":1,"href":"https:\/\/mein-wortschatz.de\/es\/wp-json\/wp\/v2\/pages\/1710\/revisions"}],"predecessor-version":[{"id":1711,"href":"https:\/\/mein-wortschatz.de\/es\/wp-json\/wp\/v2\/pages\/1710\/revisions\/1711"}],"wp:attachment":[{"href":"https:\/\/mein-wortschatz.de\/es\/wp-json\/wp\/v2\/media?parent=1710"}],"curies":[{"name":"wp","href":"https:\/\/api.w.org\/{rel}","templated":true}]}}